{"version":"1.0","provider_name":"Pap\u00edrs\u00e1rk\u00e1ny","provider_url":"https:\/\/papirsarkany.cafeblog.hu","author_name":"Kl\u00e1ra","author_url":"https:\/\/papirsarkany.cafeblog.hu\/author\/kfridrikgmail-com\/","title":"Egy kicsit szem\u00e9lyes...","html":"<p><img class=\"size-medium wp-image-339 alignleft\" src=\"https:\/\/papirsarkany.cafeblog.hu\/files\/2016\/10\/to-be-Employee-Of-The-Month-300x300.png\" alt=\"\" width=\"300\" height=\"300\" \/>A napokban t\u00f6bb dolog is eszembe jutott, amir\u0151l \u00edrhatn\u00e9k nektek. Amikor belefogtam a blogol\u00e1sba megfogadtam magamnak, hogy feljegyzem az \u00f6tleteket \u00e9s ha r\u00f6gt\u00f6n nem is, ut\u00f3lag kives\u00e9zem a feljegyzett t\u00e9m\u00e1kat. Lelkiismeretes ember l\u00e9v\u00e9n ezt a fogadalmat hova-tov\u00e1bb be is tartom. De id\u0151k\u00f6zben egyre hosszabb lesz a lista, \u00e9n meg m\u00e9g egy t\u00e9m\u00e1t sem dolgoztam fel. Mi\u00e9rt is van ez? Vagyis mi\u00e9rt nem szoktam hossz\u00fa bejegyz\u00e9seket \u00edrni? Nem az\u00e9rt mert nem szeretek \u00edrni vagy nincs mir\u0151l, hanem mert f\u00e9l k\u00e9zzel macer\u00e1s. F\u00e9l k\u00e9zzel? Igen, az egyiken mindig ott pihen (alva vagy \u00e9bren) 3 h\u00f3napos kisfiam. <em>Komolyan veszem a k\u00f6t\u0151d\u0151 nevel\u00e9st, ha akarom, ha nem...<\/em> De ez a k\u00f6r\u00fclm\u00e9ny m\u00e9g jobban motiv\u00e1l, mert minden alkalommal, amikor j\u00e1t\u00e9kot k\u00e9sz\u00edtek vagy \u00f6tleteket adok arra hogyan lehetne feldobni a klasszikus tan\u00f3r\u00e1t, akkor azt kicsit magam \u00e9s a fiaim miatt teszem.<\/p>\r\n<p>Magam miatt, hogy sz\u00fcl\u0151k\u00e9nt, majd ha elj\u00f6n az ideje, ne legyen olyan stresszes a suli, a fi\u00fak miatt hogy \u00e9lvezz\u00e9k a tanul\u00e1st... Igaz, nincs m\u00e9g k\u00e9t h\u00f3napja sem, hogy beind\u00edtottam a Pap\u00edrs\u00e1rk\u00e1nyt, de \u00fagy \u00e9rzem, hogy m\u00e1r most meg\u00e9rte. Hamarosan el\u00e9ri az ezret azoknak a sz\u00e1ma, akik az oldalr\u00f3l t\u00f6lt\u00f6ttek \u00e9s t\u00f6bb pozit\u00edv visszajelz\u00e9st kaptam t\u0151letek.<\/p>\r\n<p>\u0150szint\u00e9n sz\u00f3lva, azt m\u00e9g mindig v\u00e1rom, hogy valamelyik\u0151t\u00f6k felkeressen egy konkr\u00e9t \u00f6tlettel, hogy azt mondj\u00e1tok: <em>\"Kl\u00e1ri, t\u00f6k j\u00f3 lenne egy program erre \u00e9s erre a tananyagra!\"<\/em>. F\u00f6l\u00edrn\u00e1m a list\u00e1ra \u00e9s miel\u0151bb sorra venn\u00e9m, mert ti, tan\u00e1rok vagytok ott az \u00f3r\u00e1n, ti ismeritek a tananyagot \u00e9s a di\u00e1kok k\u00e9pess\u00e9geit. \u00c9n a tervez\u0151 vagyok. Addig is folytatom a sort a list\u00e1mon szerepl\u0151 \u00f6tletekkel...<\/p>\r\n<p>U.i.: A mai irodalm\u00e1ros bejegyz\u00e9s elmarad(vagyis halaszt\u00f3dik a j\u00f6v\u0151 h\u00e9tre). Van \u00e1m kifog\u00e1som is:\u00a0egy kiscic\u00e1val b\u0151v\u00fclt a fam\u00edlia! Galagonya h\u00e1romsz\u00edn\u0171, cuki \u00e9s persze nagyon okos... A j\u00f6v\u0151ben ha nem lesz gyerek a kezemben, akkor j\u00f6het a macska. Na, nem baj, \u00edg\u00e9rem ennek ellen\u00e9re igyekszem majd gyakrabban \u00edrni. \u00a0<\/p>","type":"rich","thumbnail_url":"https:\/\/papirsarkany.cafeblog.hu\/files\/2016\/10\/to-be-Employee-Of-The-Month-150x150.png","thumbnail_width":150,"thumbnail_height":150}